{"id":9394,"date":"2019-01-25T17:49:48","date_gmt":"2019-01-25T15:49:48","guid":{"rendered":"http:\/\/www.artokora.de\/?page_id=9394"},"modified":"2020-06-06T18:02:54","modified_gmt":"2020-06-06T16:02:54","slug":"evolution-der-natur","status":"publish","type":"page","link":"https:\/\/www.artokora.de\/?page_id=9394","title":{"rendered":"Evolution der Natur"},"content":{"rendered":"\n<p>Bildtitel: 002 Marrakesch, digital Composing, Format: 50 x 70 cm; Datei: 104 MB, 260 dpi<\/p>\n\n\n<style type=\"text\/css\">\n#foogallery-gallery-10192 .fg-image { width: 150px; }\n#foogallery-gallery-10192 { --fg-gutter: 10px; }<\/style>\n\t\t\t<div class=\"foogallery foogallery-container foogallery-default foogallery-lightbox-foobox fg-center fg-default fg-ready fg-light fg-border-thin fg-shadow-outline fg-loading-default fg-loaded-fade-in fg-caption-hover fg-hover-fade fg-hover-zoom\" id=\"foogallery-gallery-10192\" data-foogallery=\"{&quot;item&quot;:{&quot;showCaptionTitle&quot;:true,&quot;showCaptionDescription&quot;:true},&quot;lazy&quot;:true}\" style=\"--fg-title-line-clamp: 0; --fg-description-line-clamp: 0;\" >\n\t<div class=\"fg-item fg-type-image fg-idle\"><figure class=\"fg-item-inner\"><a href=\"https:\/\/www.artokora.de\/wp-content\/uploads\/2018\/06\/002-Marrak-Detail-9.jpg\" data-attachment-id=\"8687\" data-type=\"image\" class=\"fg-thumb\"><span class=\"fg-image-wrap\"><img decoding=\"async\" width=\"150\" height=\"150\" class=\"skip-lazy fg-image\" data-src-fg=\"https:\/\/www.artokora.de\/wp-content\/uploads\/cache\/2018\/06\/002-Marrak-Detail-9\/236845561.jpg\" src=\"data:image\/svg+xml,%3Csvg%20xmlns%3D%22http%3A%2F%2Fwww.w3.org%2F2000%2Fsvg%22%20width%3D%22150%22%20height%3D%22150%22%20viewBox%3D%220%200%20150%20150%22%3E%3C%2Fsvg%3E\" loading=\"eager\"><\/span><span class=\"fg-image-overlay\"><\/span><\/a><\/figure><div class=\"fg-loader\"><\/div><\/div><div class=\"fg-item fg-type-image fg-idle\"><figure class=\"fg-item-inner\"><a href=\"https:\/\/www.artokora.de\/wp-content\/uploads\/2018\/06\/002-Marrak-Detail-8.jpg\" data-attachment-id=\"8686\" data-type=\"image\" class=\"fg-thumb\"><span class=\"fg-image-wrap\"><img decoding=\"async\" width=\"150\" height=\"150\" class=\"skip-lazy fg-image\" data-src-fg=\"https:\/\/www.artokora.de\/wp-content\/uploads\/cache\/2018\/06\/002-Marrak-Detail-8\/886656693.jpg\" src=\"data:image\/svg+xml,%3Csvg%20xmlns%3D%22http%3A%2F%2Fwww.w3.org%2F2000%2Fsvg%22%20width%3D%22150%22%20height%3D%22150%22%20viewBox%3D%220%200%20150%20150%22%3E%3C%2Fsvg%3E\" loading=\"eager\"><\/span><span class=\"fg-image-overlay\"><\/span><\/a><\/figure><div class=\"fg-loader\"><\/div><\/div><div class=\"fg-item fg-type-image fg-idle\"><figure class=\"fg-item-inner\"><a href=\"https:\/\/www.artokora.de\/wp-content\/uploads\/2018\/06\/002-Marrak-Detail-7.jpg\" data-attachment-id=\"8685\" data-type=\"image\" class=\"fg-thumb\"><span class=\"fg-image-wrap\"><img decoding=\"async\" width=\"150\" height=\"150\" class=\"skip-lazy fg-image\" data-src-fg=\"https:\/\/www.artokora.de\/wp-content\/uploads\/cache\/2018\/06\/002-Marrak-Detail-7\/742097454.jpg\" src=\"data:image\/svg+xml,%3Csvg%20xmlns%3D%22http%3A%2F%2Fwww.w3.org%2F2000%2Fsvg%22%20width%3D%22150%22%20height%3D%22150%22%20viewBox%3D%220%200%20150%20150%22%3E%3C%2Fsvg%3E\" loading=\"eager\"><\/span><span class=\"fg-image-overlay\"><\/span><\/a><\/figure><div class=\"fg-loader\"><\/div><\/div><div class=\"fg-item fg-type-image fg-idle\"><figure class=\"fg-item-inner\"><a href=\"https:\/\/www.artokora.de\/wp-content\/uploads\/2018\/06\/002-Marrak-Detail-6.jpg\" data-attachment-id=\"8684\" data-type=\"image\" class=\"fg-thumb\"><span class=\"fg-image-wrap\"><img decoding=\"async\" width=\"150\" height=\"150\" class=\"skip-lazy fg-image\" data-src-fg=\"https:\/\/www.artokora.de\/wp-content\/uploads\/cache\/2018\/06\/002-Marrak-Detail-6\/385824098.jpg\" src=\"data:image\/svg+xml,%3Csvg%20xmlns%3D%22http%3A%2F%2Fwww.w3.org%2F2000%2Fsvg%22%20width%3D%22150%22%20height%3D%22150%22%20viewBox%3D%220%200%20150%20150%22%3E%3C%2Fsvg%3E\" loading=\"eager\"><\/span><span class=\"fg-image-overlay\"><\/span><\/a><\/figure><div class=\"fg-loader\"><\/div><\/div><div class=\"fg-item fg-type-image fg-idle\"><figure class=\"fg-item-inner\"><a href=\"https:\/\/www.artokora.de\/wp-content\/uploads\/2018\/06\/002-Marrak-Detail-5.jpg\" data-attachment-id=\"8683\" data-type=\"image\" class=\"fg-thumb\"><span class=\"fg-image-wrap\"><img decoding=\"async\" width=\"150\" height=\"150\" class=\"skip-lazy fg-image\" data-src-fg=\"https:\/\/www.artokora.de\/wp-content\/uploads\/cache\/2018\/06\/002-Marrak-Detail-5\/921321340.jpg\" src=\"data:image\/svg+xml,%3Csvg%20xmlns%3D%22http%3A%2F%2Fwww.w3.org%2F2000%2Fsvg%22%20width%3D%22150%22%20height%3D%22150%22%20viewBox%3D%220%200%20150%20150%22%3E%3C%2Fsvg%3E\" loading=\"eager\"><\/span><span class=\"fg-image-overlay\"><\/span><\/a><\/figure><div class=\"fg-loader\"><\/div><\/div><div class=\"fg-item fg-type-image fg-idle\"><figure class=\"fg-item-inner\"><a href=\"https:\/\/www.artokora.de\/wp-content\/uploads\/2018\/06\/002-Marrak-Detail-4.jpg\" data-attachment-id=\"8682\" data-type=\"image\" class=\"fg-thumb\"><span class=\"fg-image-wrap\"><img decoding=\"async\" width=\"150\" height=\"150\" class=\"skip-lazy fg-image\" data-src-fg=\"https:\/\/www.artokora.de\/wp-content\/uploads\/cache\/2018\/06\/002-Marrak-Detail-4\/204376112.jpg\" src=\"data:image\/svg+xml,%3Csvg%20xmlns%3D%22http%3A%2F%2Fwww.w3.org%2F2000%2Fsvg%22%20width%3D%22150%22%20height%3D%22150%22%20viewBox%3D%220%200%20150%20150%22%3E%3C%2Fsvg%3E\" loading=\"eager\"><\/span><span class=\"fg-image-overlay\"><\/span><\/a><\/figure><div class=\"fg-loader\"><\/div><\/div><div class=\"fg-item fg-type-image fg-idle\"><figure class=\"fg-item-inner\"><a href=\"https:\/\/www.artokora.de\/wp-content\/uploads\/2018\/06\/002-Marrak-Detail-3.jpg\" data-attachment-id=\"8681\" data-type=\"image\" class=\"fg-thumb\"><span class=\"fg-image-wrap\"><img decoding=\"async\" width=\"150\" height=\"150\" class=\"skip-lazy fg-image\" data-src-fg=\"https:\/\/www.artokora.de\/wp-content\/uploads\/cache\/2018\/06\/002-Marrak-Detail-3\/3341377310.jpg\" src=\"data:image\/svg+xml,%3Csvg%20xmlns%3D%22http%3A%2F%2Fwww.w3.org%2F2000%2Fsvg%22%20width%3D%22150%22%20height%3D%22150%22%20viewBox%3D%220%200%20150%20150%22%3E%3C%2Fsvg%3E\" loading=\"eager\"><\/span><span class=\"fg-image-overlay\"><\/span><\/a><\/figure><div class=\"fg-loader\"><\/div><\/div><div class=\"fg-item fg-type-image fg-idle\"><figure class=\"fg-item-inner\"><a href=\"https:\/\/www.artokora.de\/wp-content\/uploads\/2018\/06\/002-Marrak-Detail-2.jpg\" data-attachment-id=\"8680\" data-type=\"image\" class=\"fg-thumb\"><span class=\"fg-image-wrap\"><img decoding=\"async\" width=\"150\" height=\"150\" class=\"skip-lazy fg-image\" data-src-fg=\"https:\/\/www.artokora.de\/wp-content\/uploads\/cache\/2018\/06\/002-Marrak-Detail-2\/4260227154.jpg\" src=\"data:image\/svg+xml,%3Csvg%20xmlns%3D%22http%3A%2F%2Fwww.w3.org%2F2000%2Fsvg%22%20width%3D%22150%22%20height%3D%22150%22%20viewBox%3D%220%200%20150%20150%22%3E%3C%2Fsvg%3E\" loading=\"eager\"><\/span><span class=\"fg-image-overlay\"><\/span><\/a><\/figure><div class=\"fg-loader\"><\/div><\/div><div class=\"fg-item fg-type-image fg-idle\"><figure class=\"fg-item-inner\"><a href=\"https:\/\/www.artokora.de\/wp-content\/uploads\/2018\/06\/002-Marrak-Detail-1.jpg\" data-attachment-id=\"8679\" data-type=\"image\" class=\"fg-thumb\"><span class=\"fg-image-wrap\"><img decoding=\"async\" width=\"150\" height=\"150\" class=\"skip-lazy fg-image\" data-src-fg=\"https:\/\/www.artokora.de\/wp-content\/uploads\/cache\/2018\/06\/002-Marrak-Detail-1\/1872956833.jpg\" src=\"data:image\/svg+xml,%3Csvg%20xmlns%3D%22http%3A%2F%2Fwww.w3.org%2F2000%2Fsvg%22%20width%3D%22150%22%20height%3D%22150%22%20viewBox%3D%220%200%20150%20150%22%3E%3C%2Fsvg%3E\" loading=\"eager\"><\/span><span class=\"fg-image-overlay\"><\/span><\/a><\/figure><div class=\"fg-loader\"><\/div><\/div><\/div>\n\n\n\n<p>Die Natur und ihre Evolution<\/p>\n\n\n\n<p>Die Geschichte der Erde ist die Entfaltung der kosmischen und mikrokosmischen Kraftfelder unter dem st\u00e4ndigen Einfluss der zust\u00e4ndigen Monaden. Es geht dabei nicht um die Verlagerung der bestehenden Wesen oder Menschen in andere bessere oder heilige Lebensgebiete, sondern um die Ver\u00e4nderung verschiedener Strukturen des Erfassens und Erkennens. In dieser Anschauung gibt es keineswegs mehr \u00abversteckte Metaphysik\u00bb oder \u00abunbeweisbare Annahmen\u00bb als in der normalen wissenschaftlichen Evolutionstheorie, da beide auf derselben Art \u00abunsichtbarer\u00bb mentaler Hypothesen beruhen. Mit dem Erfassen der unstofflichen Kraftfelder des Lebens kann viel mehr Sinn, Zusammenhang und Ausgewogenheit f\u00fcr jede Anschauung der nat\u00fcrlichen Lebensvorg\u00e4nge erreicht werden. <br> Die irdische Entwicklung steht auf allen Kontinenten mit allen V\u00f6lkern stets in einem direkten Zusammenhang, der f\u00fcr den Menschen prinzipiell wissenschaftlich und spirituell, immanent und transzendent, empirisch und sinnvoll ist. Diese plausible Anschauung bekennt, dass die kosmische Evolution tats\u00e4chlich ein ewiges Werden in kreativer Vielfalt ist. Bislang haben die menschlichen Denker diese Perspektive stets au\u00dfer Acht gelassen, weil f\u00fcr diese Philosophen das geozentrische Weltbild mit dem Menschen als Krone der Sch\u00f6pfung immer im Mittelpunkt steht. Das Universum bewegt sich keineswegs in S\u00fcnde auf den Tag des J\u00fcngsten Gerichts oder einer Apokalypse zu, sondern es evolviert ohne jede Schuld oder Diskreditierung einzelner Entwicklungen in einer ewigen Entfaltung in Einheit mit der Vielheit aller Gesch\u00f6pfe der Offenbarung, probabilistisch auf eine h\u00f6chste Ganzheit im Einssein mit dem universalen Bewusstsein der Urmonade hin, des in sich selbst seienden ewigen Urfeldes.<br> Die Sch\u00f6pfung ist nicht nur die NATUR aller Naturen, sondern auch das vollendete und h\u00f6chste Potential des monadischen Seins selbst. Die Entwicklung der Mikrokosmen ist ein permanenter und erfolgreicher Weg zur Vollendung aller sieben Kraftfelder, um dann kongruent mit seiner Monade zu verschmelzen. So werden die Werkzeuge f\u00fcr die Weiterentwicklung des Kosmos zusammengef\u00fcgt, um das Wesen Erde ebenfalls zu vervollkommnen. Alle Bestrebungen der Menschheit nach ewiger Liebe, allumfassenden Wissen gr\u00f6\u00dferer Verm\u00f6gen und reicher Barmherzigkeit zu allen Wesen werden auf diesem Wege erf\u00fcllt, weil diese zu den erforderlichen Eigenschaften der Monaden geh\u00f6ren.<\/p>\n\n\n\n<p>Im Sinne der Ewigen Philosophie (K. Wilber) folgt dieser Pfad der Transzendenz einer universalen Aufeinanderfolge hierarchischer Ebenen erwachender und vollendender Kraftfelder im Mikrokosmos durch die Dynamik der Monade. Dass sich dabei im Menschen, der immanenten Person, stets eine neue Wahrnehmung seiner vielf\u00e4ltigen Entfaltungen physischer und psychischer Intentionen innerhalb seines vielseitigen Lebensraumes entwickelt, liegt in der Absicht der Natur. Diese Entwicklung schreitet fort, um abendl\u00e4ndische Begriffe zu benutzen, von der Materie zum K\u00f6rper, zum Begehren und Bedenken (Geist), zum Denken der Einheit, zum Mitwirken bei der kosmischen Evolution. Aus dieser Sicht f\u00fchrt die Entfaltung immer h\u00f6herer Aspekte im Mikrokosmos (\u00c4ther, Astral, Mental, Spinal, Spirituell, Ideal), beginnend mit dem untersten in der Materie \u2013 dem niedersten Energielevel \u2013 mit dem physischen K\u00f6rper und endend mit dem h\u00f6chsten Energielevel, dem nirvanischen Kraftfeld, zu einer immer besseren Mitarbeit bei der kosmischen Ver\u00e4nderung.<br> Die gr\u00f6\u00dftm\u00f6gliche Einheit mit dem Kosmos wird der Mensch erfahren, dessen Mikrokosmos sich bis zum f\u00fcnften Aspekt seiner mikrokosmischen Mentalis entfaltet hat. Aufblitzende Intuitionen k\u00f6nnen in meditativen Zust\u00e4nden erreicht werden, wie sie von indischen Rishis berichtet werden. Bei der Vollendung aller sieben Kraftfelder im Mikrokosmos geht er in der Monade auf, um zusammen f\u00fcr die weitere Entwicklung des irdischen Kosmos zu wirken. <\/p>\n\n\n\n<p>Die kosmische Evolution ergreift also alle Glieder der Kette in der Natur. Auch die materielle Sph\u00e4re der Erde und der Mensch erw\u00e4chst von dort aus unter der Leitung seiner Monade durch vielfache Erfahrungen und Einsichten zu einem vollwertigen Mitarbeiter im Wesen Erde. So wie die Ontologie, die Seinslehre, die Phylogenie, die Lehre von der Stammesentwicklung rekapituliert, so begann die Entwicklungsgeschichte des Mikrokosmos mit dem Menschen auf den unteren Stufen der irdischen Seinsm\u00f6glichkeiten, dem Einssein mit der Natur, in der die Menschen erst alle fr\u00fcheren vormenschlichen Stufen der Evolution in tierischer Form (nach Darwin und Blavatsky) durchleben mussten. Das erste Auftreten des selbstbewusst seienden Menschen war tats\u00e4chlich ein au\u00dfergew\u00f6hnlicher Fortschritt innerhalb der kosmischen Evolution. Dabei wird die Menschheit lernen, seine Vorl\u00e4ufer in der Natur zu assimilieren, mit in den Entwicklungsprozess einzubeziehen, um diese dann zu transzendieren. Dabei geht es niemals um die Ausbeutung der Wesen oder der Beschaffung von Nahrung durch Vernichtung. Die Negierung oder Ablehnung der Natur oder einiger Teilaspekte, wie z.B. Z\u00f6libat, oder einer anderen Art der Askese, sind weder n\u00fctzlich noch f\u00f6rderlich f\u00fcr diese Entfaltung eines h\u00f6heren Seins.<\/p>\n\n\n\n<p>Die fr\u00fchesten Stufen der Evolution der Menschheit waren von subhumanen und unbewussten Impulsen dominiert, die aus der Monade kommend die Mikrokosmen stimulierten. Dieser von dem Mikrokosmos und dem darin erwachenden tierischen K\u00f6rper beherrschte Zustand war es, mit dem der Mensch schlie\u00dflich durch die ersten Entfaltungen der Mentalis eine selbstreflexive und einzigartige Form des Erfassens und Bewertens entwickeln konnte. Die Fehleinsch\u00e4tzung des mikrokosmischen Prozesses f\u00fchrte zu dem daraus aufbauenden psychischen Komplex des Egoismus. Die materielle Selbsterhaltung und das darin eingebundene Erwachsen-Werden f\u00f6rderte die Omnipotenz der Egos. Noch steht die prinzipielle Selbsterkennung als ein mikrokosmisches Wesen f\u00fcr die meisten Menschen in den ersten Anf\u00e4ngen. Auch wenn das evolution\u00e4re Herauswachsen des Ego aus dem Unbewussten zur Zeit eines der fundamentalen Entscheidungen ist, die jeder einzelne Mensch in der beginnenden Aquariusperiode f\u00fcr sich durchsetzen muss. Dazu geh\u00f6rt auch die prinzipielle Gleichstellung der m\u00e4nnlichen und weiblichen Prinzipien in seiner eigenen Psyche, im eigenen Mikrokosmos. <br> F\u00fcr den Menschen unserer Zeit entsteht gerade an dieser Stelle der weiteren Evolution ein enormes Problem aus den festgezurrten Deklarationen und halbwahren Darstellungen der gro\u00dfen Religionen und autorisierten esoterisch-philosophischen Betrachtungen.  Die aktuelle Menschenkenntnis aus der neueren Psychologie beweist, dass alles Denken, auch jedes Selbstverst\u00e4ndnis im Einzelnen auf den diversen Ged\u00e4chtnissen in den morphischen Feldern des Mikrokosmos basiert. Die darin gespeicherten Informationen entstanden aus dem gewachsenen Leben und aus fr\u00fcheren Inkarnationen, die aus dem Unbewusstsein vom Verstand erfasst werden und sich mit den aktuellen Einsichten mischen. Alle gespeicherten Erinnerungen, angefangen bei den perinatalen Erlebnissen, den ersten juvenilen Erfahrungen und den des Erwachsenwerdens, mit allen verzerrenden Autorisierungen sowie Anpassungen in der Ausbildung, den Instruktionen der Religion und der unverr\u00fcckbaren Gesellschaftsvorbehalte mit ihren halbwahren Dogmen und Tabus, pr\u00e4gen das aktuelle Wahrnehmen und Bewerten. <br> Einerseits ist die Evolution kein statistischer Zufall, sondern ein m\u00fchsames Ringen aller Monaden im Kosmos um die weitere Entfaltung der im Kosmos Erde lebenden Gesch\u00f6pfe, damit sich die interkosmische Evolution auch hier verwirklichen kann. Alle Wesen wirken stets in multipler Resonanz zusammen f\u00fcr die kreative Vielheit der kosmischen Einheit.<\/p>\n\n\n\n<p>Die Evolution vollzieht keine liebevolle bzw. leidlose Umfangung der bestehenden Person in einer anderen neuen Weltenklave, sondern eine gravierende Ver\u00e4nderung im Wahrnehmen und Erfassen der mikrokosmischen und kosmischen Zusammenh\u00e4nge. Der evolvierte Mensch soll mit seinen neu erwachenden Wahrnehmungsorganen die astralen, mentalen und \u00e4therische Sph\u00e4ren einsehen mit allen nat\u00fcrlichen Wesen, die darin ihre Werke f\u00fcr die Natur vollbringen. Nat\u00fcrlich wird er auch die materiellen Geschehnisse in einer neuen Weise durchschauen, die weit \u00fcber das bisherige Erfassung der Erscheinungen hinausgeht. Er wird erleben, dass jeder Mensch und sein Mikrokosmos in dieser komplexen Welt der kosmischen Einheit, in allen Kraftebenen v\u00f6llig nat\u00fcrlich mit den lebensnotwendigen Kr\u00e4ften und Informationen versorgt wird. Eigentlich bedarf es nur der Aktivierung bereits latent angelegter Organe des Erfassens, um die bestehenden Kraftwirkungen sowie die damit verbundenen Entit\u00e4ten, Wesen und die gemeinsamen Lebensaufgaben zu erkennen. Nach einer Phase der Orientierung \u00fcbernimmt der Mensch als eine liebevoll angenommene Pflicht die Mitarbeit bei der Weiterentwicklung aller Lebenswellen im Kosmos, um die Natur aus ihren bestehenden Zust\u00e4nden empor zu entwickeln und den sph\u00e4rischen Ballast aus dem Jenseits aufzul\u00f6sen. Im positiven Dienst f\u00fcr Welt und Natur wird jeder Mikrokosmos unter den vorw\u00e4rts treibenden monadischen Impulsen der Evolution stets weiter entfaltet. <\/p>\n\n\n\n<p>Es sind zwei Problemkreise, die sich vor dem Wanderer durch die Sph\u00e4ren auftun: Das erste Problem besteht in den halbwahren Vorstellungen aus den stets autorisierten Behauptungen der antiken Religionen bzw. Philosophien, die sich in den morphischen Ged\u00e4chtnissen der V\u00f6lker durch Medien und P\u00e4dagogik als Dogmen verh\u00e4rtet eingebrannt haben: <\/p>\n\n\n\n<ol class=\"wp-block-list\"><li>Der Mensch ist weder durch einen S\u00fcndenfall aus einer Gotteswelt heraus gefallen, noch ist er mit \u00abErbs\u00fcnde\u00bb belastet und muss darum seine Schuld abb\u00fc\u00dfen. <br>Warum kann das so einfach gesagt werden? \u2013 <br>Weil der Mensch von Anbeginn des Seins von seiner Monade in einem gelenkten Evolutionsprozess durch alle Inkarnationen in den sieben Kraftfeldern gef\u00fchrt wird. Nicht die Menschen, sondern die Monaden sind die Kinder der Ursch\u00f6pfung. Sie verwirklichen den urzeitlichen Auftrag, das ihnen eingeborene Werkzeug, den Mikrokosmos, zur Vollendung ihrer selbst zu f\u00fchren. Die Monade entwickelt im Zusammenwirken mit einem bewussten Menschen \u00fcber diverse Inkarnationen den siebenfachen Mikrokosmos.<\/li><li>Es geht bei dieser Entwicklung des Menschen nicht darum, dass er oder seine \u00abSeele\u00bb dermaleinst so heilig wird wie der gedachte \u201eGott\u201c heilig ist, weder in einem Paradies noch in einer anderen Seligkeit. Die Evolution des Mikrokosmos ist eingebettet und mitverantwortlich in einer ewigen Evolutionen aller Gesch\u00f6pfe der Offenbarung im Universum, von Herrlichkeit zu Herrlichkeit, oder in kreativer Vielfalt in Einheit und Liebe. <\/li><\/ol>\n\n\n\n<p>Warum wird es dem Sucher nach der einen Wahrheit so sehr schwierig gemacht? wird nat\u00fcrlich jeder normale Mensch fragen. <br>\nNiemand, auch nicht die Monade macht es der Menschheit schwierig. Der Mensch strebt in seiner Selbstbehauptung im materiellen Feld nach seiner Seligkeit unter einem halbwahren Denkansatz. Mit der sich entfaltenden vierten Astralis beginnt er die Ideale der Einheit, der gegenseitigen Liebe und der Ewigkeit zu ahnen, und er begehrt nach ihnen. Dennoch sind diese Ideale nicht im stofflichen Kleid zu realisieren, weil es die in der Materie eingebundenen Gesetze der Bipolarit\u00e4t und des Vergehens nicht zulassen. Dieses Lebensfeld dient nur der Entwicklung einer erkennenden mitdenkenden Person, die mit ihren psychischen Erfahrungen \u00fcber die materielle Natur hinaus wachsen will.<\/p>\n\n\n\n<p>Die Expansion des Alls ist in sieben Lebensfeldern eine wohlgeordnete Struktur bis ins kleinste Atom, und der bewusst gewordene Mensch hat f\u00fcr die Entwicklung dieser Natur mit allen ihren Bewohnern in den transpersonalen Feldern mitzuwirken. Die Evolution und alle damit verbundenen Ver\u00e4nderungen im Schauen, im Erfassen und Bewerten der wirklichen Lebenszusammenh\u00e4nge, k\u00f6nnen nur dann ohne Gefahr f\u00fcr Leib und Wesen in den sieben Kraftfeldern des Mikrokosmos von statten gehen, wenn sich jedes Feld ohne eine egoistische Regression voll entfalten kann. Das bedeutet, dass alle Impulse aus der niederen Astralis f\u00fcr das Leben in der Materie so notwendige konsumtive Verhalten und Denken gel\u00f6scht sind. Aus der h\u00f6heren Astralis erhebt sich eine vollkommen altruistischen Lebenshaltung in freiwilliger uneigenn\u00fctziger Empathie f\u00fcr den ganzen Kosmos, denn das Resonanzgesetz ist ebenso \u00abunbarmherzig wie Nemesis\u00bb. Darum werden auf dem schwierigen Pfad durch alle pers\u00f6nlichen Erfahrungen \u2013 langfristig gesehen \u2013 alle noch vorhanden halbwahren Identifikationen oder Imitationen der Maya verklungen sein. <\/p>\n\n\n\n<hr class=\"wp-block-separator\"\/>\n\n\n\n<p>Schreibe mir Deine Gedanken zum Text oder zum Bild \u00fcber <a href=\"http:\/\/www.artokora.de\/?page_id=74\"><strong>Kontakt<\/strong><\/a><\/p>\n\n\n\n<hr class=\"wp-block-separator\"\/>\n","protected":false},"excerpt":{"rendered":"<p>Bildtitel: 002 Marrakesch, digital Composing, Format: 50 x 70 cm; Datei: 104 MB, 260 dpi Die Natur und ihre Evolution Die Geschichte der Erde ist die Entfaltung der kosmischen und mikrokosmischen Kraftfelder unter dem st\u00e4ndigen Einfluss der zust\u00e4ndigen Monaden. Es geht dabei nicht um die Verlagerung der bestehenden Wesen oder Menschen in andere bessere oder &hellip; <\/p>\n<p class=\"link-more\"><a href=\"https:\/\/www.artokora.de\/?page_id=9394\" class=\"more-link\"><span class=\"screen-reader-text\">\u201eEvolution der Natur\u201c<\/span> weiterlesen<\/a><\/p>\n","protected":false},"author":2,"featured_media":8678,"parent":5049,"menu_order":5,"comment_status":"closed","ping_status":"closed","template":"","meta":{"footnotes":""},"class_list":["post-9394","page","type-page","status-publish","has-post-thumbnail","hentry"],"_links":{"self":[{"href":"https:\/\/www.artokora.de\/index.php?rest_route=\/wp\/v2\/pages\/9394"}],"collection":[{"href":"https:\/\/www.artokora.de\/index.php?rest_route=\/wp\/v2\/pages"}],"about":[{"href":"https:\/\/www.artokora.de\/index.php?rest_route=\/wp\/v2\/types\/page"}],"author":[{"embeddable":true,"href":"https:\/\/www.artokora.de\/index.php?rest_route=\/wp\/v2\/users\/2"}],"replies":[{"embeddable":true,"href":"https:\/\/www.artokora.de\/index.php?rest_route=%2Fwp%2Fv2%2Fcomments&post=9394"}],"version-history":[{"count":6,"href":"https:\/\/www.artokora.de\/index.php?rest_route=\/wp\/v2\/pages\/9394\/revisions"}],"predecessor-version":[{"id":10965,"href":"https:\/\/www.artokora.de\/index.php?rest_route=\/wp\/v2\/pages\/9394\/revisions\/10965"}],"up":[{"embeddable":true,"href":"https:\/\/www.artokora.de\/index.php?rest_route=\/wp\/v2\/pages\/5049"}],"wp:featuredmedia":[{"embeddable":true,"href":"https:\/\/www.artokora.de\/index.php?rest_route=\/wp\/v2\/media\/8678"}],"wp:attachment":[{"href":"https:\/\/www.artokora.de\/index.php?rest_route=%2Fwp%2Fv2%2Fmedia&parent=9394"}],"curies":[{"name":"wp","href":"https:\/\/api.w.org\/{rel}","templated":true}]}}